{"id":980,"date":"2026-02-06T16:32:32","date_gmt":"2026-02-06T15:32:32","guid":{"rendered":"https:\/\/marlona.com\/politica-de-privacitat\/"},"modified":"2026-04-07T13:37:06","modified_gmt":"2026-04-07T11:37:06","slug":"politica-de-privacitat","status":"publish","type":"page","link":"https:\/\/marlona.com\/ca\/politica-de-privacitat\/","title":{"rendered":"Pol\u00edtica de privacitat"},"content":{"rendered":"\t\t<div data-elementor-type=\"wp-page\" data-elementor-id=\"980\" class=\"elementor elementor-980 elementor-688\" data-elementor-post-type=\"page\">\n\t\t\t\t<div class=\"elementor-element elementor-element-9d06c30 e-con-full e-flex e-con e-parent\" data-id=\"9d06c30\" data-element_type=\"container\" data-e-type=\"container\">\n\t\t<div class=\"elementor-element elementor-element-7e2c944 e-flex e-con-boxed e-con e-child\" data-id=\"7e2c944\" data-element_type=\"container\" data-e-type=\"container\">\n\t\t\t\t\t<div class=\"e-con-inner\">\n\t\t\t\t<div class=\"elementor-element elementor-element-2773db8 elementor-invisible elementor-widget elementor-widget-heading\" data-id=\"2773db8\" data-element_type=\"widget\" data-e-type=\"widget\" data-settings=\"{&quot;_animation&quot;:&quot;fadeInDown&quot;}\" data-widget_type=\"heading.default\">\n\t\t\t\t\t<h2 class=\"elementor-heading-title elementor-size-default\">Pol\u00edtica de privacitat<\/h2>\t\t\t\t<\/div>\n\t\t\t\t<div class=\"elementor-element elementor-element-a7451bf elementor-invisible elementor-widget elementor-widget-text-editor\" data-id=\"a7451bf\" data-element_type=\"widget\" data-e-type=\"widget\" data-settings=\"{&quot;_animation&quot;:&quot;fadeIn&quot;}\" data-widget_type=\"text-editor.default\">\n\t\t\t\t\t\t\t\t\t<p>A SHERPA IB\u00c8RICA SL ens preocupem per la privacitat i la transpar\u00e8ncia. A continuaci\u00f3, indiquem<br>detalladament el tractament de les dades personals que<br>realitzem, aix\u00ed com tota la informaci\u00f3 relacionada.<\/p><p><span style=\"font-weight: 400;\"><br><\/span>Qui \u00e9s el responsable del tractament de les seves dades?<br>SHERPA IB\u00c8RICA SL<br>B44935849<br>Av. Europa, 17<\/p><p><span style=\"font-weight: 400;\">08720 Vilafranca del Pened\u00e8s (Barcelona) \u2013 08720 \u2013BARCELONA<\/span><span style=\"font-weight: 400;\"><br><\/span><span style=\"font-weight: 400;\">93 131 27 37<\/span><span style=\"font-weight: 400;\"><br><\/span><span style=\"font-weight: 400;\">info@sherpachocolat.com<\/span><\/p><p><span style=\"font-weight: 400;\"><br><\/span><b>Quins s\u00f3n els teus drets quan ens facilites les teves dades?<\/b><span style=\"font-weight: 400;\"><br><\/span><span style=\"font-weight: 400;\">Qualsevol persona t\u00e9 dret a obtenir confirmaci\u00f3 sobre si a SHERPA IB\u00c8RICA SL estem<\/span><\/p><p><span style=\"font-weight: 400;\">tractant, o no, dades personals que els concerneixin.<\/span><\/p><p><span style=\"font-weight: 400;\">Les persones interessades tenen dret a accedir a les seves dades personals, aix\u00ed com a<\/span><\/p><p><span style=\"font-weight: 400;\">sol\u00b7licitar la rectificaci\u00f3 de les dades inexactes o, si escau, sol\u00b7licitar la seva supressi\u00f3<\/span><\/p><p><span style=\"font-weight: 400;\">quan, entre altres motius, les dades ja no siguin necess\u00e0ries per a les finalitats que van ser<\/span><\/p><p><span style=\"font-weight: 400;\">recollides. Tamb\u00e9 tens dret a la portabilitat de les teves dades. <\/span><\/p><p><span style=\"font-weight: 400;\">En determinades circumst\u00e0ncies, els interessats podran sol\u00b7licitar la limitaci\u00f3 del<\/span><\/p><p><span style=\"font-weight: 400;\">tractament de les seves dades, en aquest cas \u00fanicament les conservarem per a l&#8217;exercici o<\/span><\/p><p><span style=\"font-weight: 400;\">la defensa de reclamacions.<\/span><\/p><p><span style=\"font-weight: 400;\">En determinades circumst\u00e0ncies i per motius relacionats amb la seva situaci\u00f3 particular,<\/span><\/p><p><span style=\"font-weight: 400;\">els interessats podran oposar\u2013se al tractament de les seves dades. En aquest cas, <\/span><\/p><p><span style=\"font-weight: 400;\">SHERPA IB\u00c8RICA SL deixar\u00e0 de tractar les dades, excepte per motius leg\u00edtims<\/span><\/p><p><span style=\"font-weight: 400;\">imperiosos, o l&#8217;exercici o la defensa de possibles reclamacions.<\/span><\/p><p><span style=\"font-weight: 400;\">Podr\u00e0 exercir materialment els seus drets de la manera seg\u00fcent: dirigint\u2013se a<\/span><\/p><p><span style=\"font-weight: 400;\">info@sherpachocolat.com o Avda. Europa, 17 08720 Vilafranca del Pened\u00e8s (Barcelona) <\/span><\/p><p> <\/p><p><span style=\"font-weight: 400;\">Quan s&#8217;envi\u00efn comunicacions comercials utilitzant l&#8217;inter\u00e8s leg\u00edtim del responsable com<\/span><\/p><p><span style=\"font-weight: 400;\"> base legal, l&#8217;interessat podr\u00e0 oposar\u2013se al tractament de les seves dades per aquesta<\/span><\/p><p><span style=\"font-weight: 400;\">finalitat.<\/span><\/p><p><span style=\"font-weight: 400;\">El consentiment atorgat \u00e9s per a totes les finalitats indicades, la base legal del qual \u00e9s el<\/span><\/p><p><span style=\"font-weight: 400;\">consentiment de l&#8217;interessat. Vost\u00e8 t\u00e9 dret a retirar aquest consentiment en qualsevol <\/span><\/p><p><span style=\"font-weight: 400;\">moment, sense afectar la licitud del tractament basat en el consentiment previ a la seva<\/span><\/p><p><span style=\"font-weight: 400;\">retirada.<\/span><\/p><p><span style=\"font-weight: 400;\">En el cas que senti vulnerats els seus drets quant a la protecci\u00f3 de les seves dades<\/span><\/p><p><span style=\"font-weight: 400;\">personals, especialment quan no hagi obtingut satisfacci\u00f3 en l&#8217;exercici dels seus drets,<\/span><\/p><p><span style=\"font-weight: 400;\">pot presentar una reclamaci\u00f3 davant l&#8217;Autoritat de Control en mat\u00e8ria de Protecci\u00f3 de<\/span><\/p><p><span style=\"font-weight: 400;\">Dades competent a trav\u00e9s del seu lloc web: <\/span><a href=\"http:\/\/www.aepd.es\"><span style=\"font-weight: 400;\">www.aepd.es<\/span><\/a><span style=\"font-weight: 400;\">.<\/span><\/p><ol><li><span style=\"font-weight: 400;\"><br><\/span><b>Tractament de les dades dels contactes web<\/b><b><br><\/b><b>Amb quina finalitat tractem les seves dades personals?<\/b><span style=\"font-weight: 400;\"><br><\/span><span style=\"font-weight: 400;\">En SHERPA IB\u00c8RICA SL tractem la informaci\u00f3 que ens faciliten les persones<\/span><span style=\"font-weight: 400;\"><br><\/span><span style=\"font-weight: 400;\">interessades amb la finalitat d&#8217;atendre la seva sol\u00b7licitud i enviar\u2013li comunicacions<\/span><span style=\"font-weight: 400;\"><br><\/span><span style=\"font-weight: 400;\">comercials i\/o newsletters. En el cas que no faciliti les seves dades personals, no podrem <\/span><span style=\"font-weight: 400;\"><br><\/span><span style=\"font-weight: 400;\">complir amb les funcionalitats descrites anteriorment. No es prendran decisions <\/span><span style=\"font-weight: 400;\"><br><\/span><span style=\"font-weight: 400;\">automatitzades a partir de les dades facilitades.<\/span><\/li><\/ol><p><span style=\"font-weight: 400;\"><br><\/span><b>Durant quant de temps conservarem les teves dades?<\/b><span style=\"font-weight: 400;\"><br><\/span><span style=\"font-weight: 400;\">Les dades es conservaran mentre l&#8217;interessat no sol\u00b7liciti la seva supressi\u00f3.<\/span><\/p><p><span style=\"font-weight: 400;\"><br><\/span><b>Quina \u00e9s la legitimaci\u00f3 per al tractament de les seves dades?<\/b><br>Indiquem les bases legals per al tractament de les seves dades:<br>\u2022 Execuci\u00f3 d&#8217;un contracte: Atendre la seva sol\u00b7licitud.<br>\u2022 Consentiment de l&#8217;interessat: Enviar comunicacions informatives, fins i tot per via<br>electr\u00f2nica.<\/p><p><b>A quins destinataris es comunicaran les teves dades?<\/b><span style=\"font-weight: 400;\"><br><\/span><span style=\"font-weight: 400;\">No se cediran dades a tercers, excepte obligaci\u00f3 legal.<\/span><\/p><p><span style=\"font-weight: 400;\"><br><\/span><b>Transfer\u00e8ncies de dades en tercers pa\u00efsos<\/b><\/p><p><span style=\"font-weight: 400;\">Estan previstes les seg\u00fcents transfer\u00e8ncies de dades en tercers pa\u00efsos:<\/span><span style=\"font-weight: 400;\"><br><\/span><span style=\"font-weight: 400;\">\u2022 Google, amb la finalitat d&#8217;allotjament del correu electr\u00f2nic i la c\u00f2pia de seguretat. La <\/span><span style=\"font-weight: 400;\"><br><\/span><span style=\"font-weight: 400;\">garantia d&#8217;aquesta transfer\u00e8ncia s&#8217;ha establert a trav\u00e9s de: Cl\u00e0usules tipus de protecci\u00f3<\/span><span style=\"font-weight: 400;\"><br><\/span><span style=\"font-weight: 400;\">de dades. Pot trobar m\u00e9s informaci\u00f3 a: <br>https:\/\/policies.google.com\/privacy?hl=es. <\/span><span style=\"font-weight: 400;\"><br><\/span><span style=\"font-weight: 400;\">\u2022 Mailchimp, amb la finalitat d&#8217;enviar comunicacions comercials i newsletters. La <\/span><span style=\"font-weight: 400;\"><br><\/span><span style=\"font-weight: 400;\">garantia d&#8217;aquesta transfer\u00e8ncia s&#8217;ha establert a trav\u00e9s de:<br>Cl\u00e0usules tipus de protecci\u00f3<\/span><span style=\"font-weight: 400;\"><br><\/span><span style=\"font-weight: 400;\">de dades. Pot trobar m\u00e9s informaci\u00f3 a: <\/span><a href=\"https:\/\/mailchimp.com\/legal\/privacy\/\"><span style=\"font-weight: 400;\">https:\/\/mailchimp.com\/legal\/privacy\/<\/span><\/a><span style=\"font-weight: 400;\">.<\/span><\/p><p><span style=\"font-weight: 400;\"><br><\/span><b>Com hem obtingut les teves dades?<\/b><\/p><p><span style=\"font-weight: 400;\">Les dades personals que tractem a SHERPA IB\u00c8RICA SL provenen de: El propi<br>interessat.<\/span><\/p><ol start=\"2\"><li><span style=\"font-weight: 400;\"><br><\/span><b>Tractament de les dades del correu electr\u00f2nic<\/b><b><br><\/b><b>Amb quina finalitat tractem les teves dades personals?<\/b><span style=\"font-weight: 400;\"><br><\/span><span style=\"font-weight: 400;\">A SHERPA IB\u00c8RICA SL tractem la informaci\u00f3 que ens faciliten les persones<\/span><span style=\"font-weight: 400;\"><br><\/span><span style=\"font-weight: 400;\">interessades amb la finalitat de prestar\u2013se els serveis que ens ha sol\u00b7licitat, donar resposta<\/span><span style=\"font-weight: 400;\"><br><\/span><span style=\"font-weight: 400;\">a les seves sol\u00b7licituds d&#8217;informaci\u00f3 i enviar\u2013li comunicacions comercials. En el cas que <\/span><span style=\"font-weight: 400;\"><br><\/span><span style=\"font-weight: 400;\">no faciliti les seves dades personals, no podrem complir amb les funcionalitats descrites<\/span><span style=\"font-weight: 400;\"><br><\/span><span style=\"font-weight: 400;\">anteriorment. No es prendran decisions automatitzades a partir de les dades facilitades. <\/span><\/li><\/ol><p><span style=\"font-weight: 400;\"><br><\/span><b>Durant quant de temps conservarem les teves dades?<\/b><b><br><\/b><span style=\"font-weight: 400;\">Les dades es conservaran mentre l&#8217;interessat no sol\u00b7liciti la seva supressi\u00f3.<\/span><span style=\"font-weight: 400;\"><br><\/span><span style=\"font-weight: 400;\">Quina \u00e9s la legitimaci\u00f3 per al tractament de les seves dades?<\/span><span style=\"font-weight: 400;\"><br><\/span><span style=\"font-weight: 400;\">Indiquem les bases legals per al tractament de les seves dades:<\/span><span style=\"font-weight: 400;\"><br><\/span><span style=\"font-weight: 400;\">\u2022 Execuci\u00f3 d&#8217;un contracte: Atendre la seva sol\u00b7licitud.<\/span><span style=\"font-weight: 400;\"><br><\/span><span style=\"font-weight: 400;\">\u2022 Inter\u00e8s leg\u00edtim del Responsable: Enviament de comunicacions comercials sobre nostres<\/span><span style=\"font-weight: 400;\"><br><\/span><span style=\"font-weight: 400;\">serveis i\/o productes.<\/span><span style=\"font-weight: 400;\"><br><\/span><span style=\"font-weight: 400;\">\u2022 Consentiment de l&#8217;interessat: Contactar i enviar comunicacions comercials segons<\/span><span style=\"font-weight: 400;\"><br><\/span><span style=\"font-weight: 400;\">l&#8217;inter\u00e8s mostrat.<\/span><\/p><p> <\/p><p><b>A quins destinataris es comunicaran les seves dades?<\/b><span style=\"font-weight: 400;\"><br><\/span><span style=\"font-weight: 400;\">No se cediran dades a tercers, excepte obligaci\u00f3 legal.<\/span><\/p><p><span style=\"font-weight: 400;\"><br><\/span><span style=\"font-weight: 400;\">Transfer\u00e8ncies de dades en tercers pa\u00efsos<br>Estan previstes les seg\u00fcents transfer\u00e8ncies de dades en tercers pa\u00efsos:<br>\u2022 Google, amb la finalitat de l&#8217;allotjament del correu electr\u00f2nic. La garantia d&#8217;aquesta<br>transfer\u00e8ncia s&#8217;ha establert a trav\u00e9s de: Cl\u00e0usules tipus de protecci\u00f3 de dades. Pot<br>trobar m\u00e9s informaci\u00f3 a: https:\/\/policies.google.com\/privacy?hl=es.<\/span><\/p><p><span style=\"font-weight: 400;\"><br><\/span><b>Com hem obtingut les seves dades?<\/b><\/p><p><span style=\"font-weight: 400;\">Les dades personals que tractem a SHERPA IB\u00c8RICA SL provenen de: El propi<br>interessat.<\/span><\/p><ol start=\"3\"><li><span style=\"font-weight: 400;\"><br><\/span><b>Tractament de les dades de clients \u2013 contractis \u2013 pressupostos<\/b><b><br><\/b><b>Amb quina finalitat tractem les seves dades personals?<\/b><span style=\"font-weight: 400;\"><br><\/span><span style=\"font-weight: 400;\">A SHERPA IB\u00c9RICA SL tractem la informaci\u00f3 que ens faciliten les persones<\/span><span style=\"font-weight: 400;\"><br><\/span><span style=\"font-weight: 400;\">interessades amb la finalitat de realitzar la gesti\u00f3 administrativa, comptable<br>i fiscal de els<\/span><span style=\"font-weight: 400;\"><br><\/span><span style=\"font-weight: 400;\">serveis sol\u00b7licitats, aix\u00ed com enviar comunicacions comercials<br>sobre els nostres productes<\/span><span style=\"font-weight: 400;\"><br><\/span><span style=\"font-weight: 400;\">i serveis. En el cas que no faciliti les seves dades personals, no podrem complir amb les <\/span><span style=\"font-weight: 400;\"><br><\/span><span style=\"font-weight: 400;\">funcionalitats descrites anteriorment.<\/span><\/li><\/ol><p><span style=\"font-weight: 400;\"><br><\/span><b>Durant quant de temps conservarem les seves dades?<\/b><\/p><p>Les dades es conservaran mentre l&#8217;interessat no sol\u00b7liciti la seva<br>supressi\u00f3 o durant els<br>anys necessaris per a complir amb les obligacions legals.<\/p><p><span style=\"font-weight: 400;\"><br><\/span><b>Quina \u00e9s la legitimaci\u00f3 per al tractament de les seves dades?<\/b><br>Indiquem les bases legals per al tractament de les seves dades:<br>\u2022 Execuci\u00f3 d&#8217;un contracte: Prestaci\u00f3 de serveis.<br>\u2022 Consentiment de l&#8217;interessat: Enviament de comunicacions comercials sobre els nostres<br>productes i serveis.<\/p><p><span style=\"font-weight: 400;\"><br><\/span><b>A quins destinataris es comunicaran les seves dades?<\/b><\/p><p><span style=\"font-weight: 400;\">Les dades es comunicaran als seg\u00fcents destinataris:<\/span><span style=\"font-weight: 400;\"><br><\/span><span style=\"font-weight: 400;\">\u2022 Assessoria fiscal i comptable, registres p\u00fablics, Bancs i Caixes d&#8217;estalvis,<\/span><span style=\"font-weight: 400;\"><br><\/span><span style=\"font-weight: 400;\">Administraci\u00f3 Tribut\u00e0ria, amb la finalitat de girar els rebuts corresponents.<\/span><span style=\"font-weight: 400;\"><br><\/span><span style=\"font-weight: 400;\">\u2022 Empresa de missatgeria o transport, amb la finalitat de gestionar la recollida,<\/span><span style=\"font-weight: 400;\"><br><\/span><span style=\"font-weight: 400;\">seguiment i lliurament dels enviaments.<\/span><span style=\"font-weight: 400;\"><br><\/span><span style=\"font-weight: 400;\">Transfer\u00e8ncies de dades en tercers pa\u00efsos<\/span><span style=\"font-weight: 400;\"><br><\/span><span style=\"font-weight: 400;\">Estan previstes les seg\u00fcents transfer\u00e8ncies de dades en tercers pa\u00efsos:<\/span><span style=\"font-weight: 400;\"><br><\/span><span style=\"font-weight: 400;\">\u2022 Google, amb la finalitat d&#8217;allotjament del correu electr\u00f2nic i la c\u00f2pia de seguretat. La <\/span><span style=\"font-weight: 400;\"><br><\/span><span style=\"font-weight: 400;\">garantia d&#8217;aquesta transfer\u00e8ncia s&#8217;ha establert a trav\u00e9s de:<br>Cl\u00e0usules tipus de protecci\u00f3<\/span><span style=\"font-weight: 400;\"><br><\/span><span style=\"font-weight: 400;\">de dades. Pot trobar m\u00e9s informaci\u00f3 a:<br>https:\/\/policies.google.com\/privacy?hl=es.. <\/span><span style=\"font-weight: 400;\"><br><\/span><span style=\"font-weight: 400;\">\u2022 Mailchimp, amb la finalitat d&#8217;enviar comunicacions comercials i newsletters. La <\/span><span style=\"font-weight: 400;\"><br><\/span><span style=\"font-weight: 400;\">garantia d&#8217;aquesta transfer\u00e8ncia s&#8217;ha establert a trav\u00e9s de:<br>Cl\u00e0usules tipus de protecci\u00f3<\/span><span style=\"font-weight: 400;\"><br><\/span><span style=\"font-weight: 400;\">de dades. Pot trobar m\u00e9s informaci\u00f3 a: <\/span><a href=\"https:\/\/mailchimp.com\/legal\/privacy\/\"><span style=\"font-weight: 400;\">https:\/\/mailchimp.com\/legal\/privacy\/<\/span><\/a><span style=\"font-weight: 400;\">.<\/span><\/p><p><span style=\"font-weight: 400;\"><br><\/span><b>Com hem obtingut les seves dades?<\/b><\/p><p><span style=\"font-weight: 400;\">Les dades personals que tractem a SHERPA IB\u00c8RICA SL provenen <br>de: El propi<br>interessat.<\/span><\/p><ol start=\"4\"><li><span style=\"font-weight: 400;\"><br><\/span>Tractament de les dades de formulari<br>Amb quina finalitat tractem les seves dades personals?<\/li><\/ol><p>En SHERPA IB\u00c8RICA SL tractem la informaci\u00f3 que ens faciliten<br>les persones<br>interessades amb la finalitat d&#8217;atendre la seva sol\u00b7licitud, enviar\u2013li comunicacions<br>comercials i participaci\u00f3 en promocions i descomptes. En el<br>cas que no faciliti les seves<br>dades personals, no podrem complir amb les funcionalitats descrites anteriorment. No es<br>prendran decisions automatitzades a partir de les dades facilitades.<\/p><p> <\/p><p><b>Durant quant de temps conservarem les seves dades?<\/b><\/p><p><span style=\"font-weight: 400;\">Les dades es conservaran mentre l&#8217;interessat no sol\u00b7liciti la seva supressi\u00f3.<\/span><\/p><p><span style=\"font-weight: 400;\"><br><\/span><b>Quina \u00e9s la legitimaci\u00f3 per al tractament de les seves dades?<\/b><\/p><p>Indiquem les bases legals per al tractament de les seves dades:<br>\u2022 Execuci\u00f3 d&#8217;un contracte: Atendre la seva sol\u00b7licitud.<br>\u2022 Consentiment de l&#8217;interessat: Enviament de comunicacions<br>comercials sobre els nostres<br>productes i serveis i\/o newsletter.<br>\u2022 Consentiment de l&#8217;interessat: Participaci\u00f3 en descomptes i promocions.<\/p><p><span style=\"font-weight: 400;\"><br><\/span><b>A quins destinataris es comunicaran les seves dades?<\/b><\/p><p><span style=\"font-weight: 400;\">No se cediran dades a tercers, excepte obligaci\u00f3 legal.<\/span><\/p><p><b><br><\/b><b>Transfer\u00e8ncies de dades en tercers pa\u00efsos<\/b><span style=\"font-weight: 400;\"><br><\/span><span style=\"font-weight: 400;\">Estan previstes les seg\u00fcents transfer\u00e8ncies de dades en tercers pa\u00efsos:<\/span><span style=\"font-weight: 400;\"><br><\/span><span style=\"font-weight: 400;\">\u2022 Google, amb la finalitat d&#8217;allotjament del correu electr\u00f2nic i la c\u00f2pia de seguretat. La <\/span><span style=\"font-weight: 400;\"><br><\/span><span style=\"font-weight: 400;\">garantia d&#8217;aquesta transfer\u00e8ncia s&#8217;ha establert a trav\u00e9s de: Cl\u00e0usules tipus de protecci\u00f3<\/span><span style=\"font-weight: 400;\"><br><\/span><span style=\"font-weight: 400;\">de dades. Pot trobar m\u00e9s informaci\u00f3 a: https:\/\/policies.google.com\/privacy?hl=es. <\/span><span style=\"font-weight: 400;\"><br><\/span><span style=\"font-weight: 400;\">\u2022 Mailchimp, amb la finalitat d&#8217;enviar comunicacions comercials i newsletters. La <\/span><span style=\"font-weight: 400;\"><br><\/span><span style=\"font-weight: 400;\">garantia d&#8217;aquesta transfer\u00e8ncia s&#8217;ha establert a trav\u00e9s de: Cl\u00e0usules tipus de protecci\u00f3<\/span><span style=\"font-weight: 400;\"><br><\/span><span style=\"font-weight: 400;\">de dades. Pot trobar m\u00e9s informaci\u00f3 a: https:\/\/mailchimp.com\/legal\/privacy\/. <\/span><\/p><p><span style=\"font-weight: 400;\"><br><\/span><b>Com hem obtingut les seves dades?<\/b><\/p><p><span style=\"font-weight: 400;\">Les dades personals que tractem a SHERPA IB\u00c8RICA SL provenen de: El propi<br>interessat.<\/span><\/p><ol start=\"5\"><li><span style=\"font-weight: 400;\"><br><\/span>Tractament de les dades de candidats a un lloc de treball<br>Amb quina finalitat tractem les seves dades personals?<\/li><\/ol><p>En SHERPA IB\u00c8RICA SL tractem la informaci\u00f3 que ens faciliten les persones<br>interessades amb la finalitat de gestionar el Curriculum vitae rebut i realitzar els processos de selecci\u00f3 de personal. En el cas que no faciliti les seves dades personals, no<br>podrem complir amb les funcionalitats descrites anteriorment.<\/p><p><span style=\"font-weight: 400;\"><br><\/span><b>Durant quant de temps conservarem les seves dades?<\/b><\/p><p><span style=\"font-weight: 400;\">Dos anys des de l&#8217;\u00faltima interacci\u00f3.<\/span><\/p><p><span style=\"font-weight: 400;\"><br><\/span><b>Quina \u00e9s la legitimaci\u00f3 per al tractament de les seves dades?<\/b><\/p><p>Indiquem les bases legals per al tractament de les seves dades:<br>\u2022 Execuci\u00f3 d&#8217;un contracte: Gesti\u00f3 del Curriculum vitae lliurat pel candidat per a realitzar<br>els processos de selecci\u00f3 de personal per a la recerca del millor candidat possible per a<br>un lloc de treball determinat.<\/p><p><span style=\"font-weight: 400;\"><br><\/span><b>A quins destinataris es comunicaran les seves dades?<\/b><span style=\"font-weight: 400;\"><br><\/span><span style=\"font-weight: 400;\">No se cediran dades a tercers, excepte obligaci\u00f3 legal.<\/span><\/p><p><span style=\"font-weight: 400;\"><br><\/span><span style=\"font-weight: 400;\"><b>Transfer\u00e8ncies de dades en tercers pa\u00efsos<br>Estan previstes les seg\u00fcents transfer\u00e8ncies de dades en tercers pa\u00efsos:<br>\u2022 Google, amb la finalitat d&#8217;allotjament del correu electr\u00f2nic i la c\u00f2pia de seguretat. La<br>garantia d&#8217;aquesta transfer\u00e8ncia s&#8217;ha establert a trav\u00e9s de: Cl\u00e0usules tipus de protecci\u00f3<br>de dades. Pot trobar m\u00e9s informaci\u00f3 a:<\/b><br>https:\/\/policies.google.com\/privacy?hl=es.<\/span><\/p><p><span style=\"font-weight: 400;\"><br><\/span><b>Com hem obtingut les seves dades?<\/b><\/p><p><span style=\"font-weight: 400;\">Les dades personals que tractem a SHERPA IB\u00c8RICA SL provenen de: El propi<br>interessat.<\/span><\/p><ol start=\"6\"><li><span style=\"font-weight: 400;\"><br><\/span><b>Tractament de les dades de clients potencials<\/b><b><br><\/b><b>Amb quina finalitat tractem les seves dades personals?<\/b><span style=\"font-weight: 400;\"><br><\/span><span style=\"font-weight: 400;\">En SHERPA IB\u00c8RICA SL tractem la informaci\u00f3 que ens faciliten<br>les persones<\/span><span style=\"font-weight: 400;\"><br><\/span><span style=\"font-weight: 400;\">interessades amb la finalitat d&#8217;atendre la seva sol\u00b7licitud, contactar amb la persona i<\/span><span style=\"font-weight: 400;\"><br><\/span><span style=\"font-weight: 400;\">enviar\u2013li comunicacions d&#8217;inter\u00e8s en funci\u00f3 de l&#8217;inter\u00e8s mostrat sobre els nostres productes<\/span><span style=\"font-weight: 400;\"><br><\/span><span style=\"font-weight: 400;\">i serveis. En el cas que no faciliti les seves dades personals, no podrem complir amb les <\/span><span style=\"font-weight: 400;\"><br><\/span><span style=\"font-weight: 400;\">funcionalitats descrites anteriorment.<\/span><\/li><\/ol><p> <\/p><p><b>Durant quant de temps conservarem les seves dades?<\/b><\/p><p><span style=\"font-weight: 400;\">Les dades es conservaran mentre l&#8217;interessat no sol\u00b7liciti la seva supressi\u00f3.<\/span><\/p><p>Quina \u00e9s la legitimaci\u00f3 per al tractament de les seves dades?<br>Indiquem les bases legals per al tractament de les seves dades:<br>\u2022 Consentiment de l&#8217;interessat: Contacte i enviament de comunicacions comercials<br>sobre els nostres serveis i productes segons l&#8217;inter\u00e8s mostrat.<\/p><p> <\/p><p><b>A quins destinataris es comunicaran les seves dades?<\/b><\/p><p><span style=\"font-weight: 400;\">No se cediran dades a tercers, excepte obligaci\u00f3 legal.<\/span><\/p><p> <\/p><p><b>Transfer\u00e8ncies de dades en tercers pa\u00efsos<\/b><\/p><p><span style=\"font-weight: 400;\">Estan previstes les seg\u00fcents transfer\u00e8ncies de dades en tercers pa\u00efsos:<\/span><span style=\"font-weight: 400;\"><br><\/span><span style=\"font-weight: 400;\">\u2022 Google, amb la finalitat d&#8217;allotjament del correu electr\u00f2nic i la c\u00f2pia de seguretat. La <\/span><span style=\"font-weight: 400;\"><br><\/span><span style=\"font-weight: 400;\">garantia d&#8217;aquesta transfer\u00e8ncia s&#8217;ha establert a trav\u00e9s de: Cl\u00e0usules tipus de protecci\u00f3<\/span><span style=\"font-weight: 400;\"><br><\/span><span style=\"font-weight: 400;\">de dades. Pot trobar m\u00e9s informaci\u00f3 a: <br>https:\/\/policies.google.com\/privacy?hl=es. <\/span><span style=\"font-weight: 400;\"><br><\/span><span style=\"font-weight: 400;\">\u2022 Mailchimp, amb la finalitat d&#8217;enviar comunicacions comercials i newsletters. La <\/span><span style=\"font-weight: 400;\"><br><\/span><span style=\"font-weight: 400;\">garantia d&#8217;aquesta transfer\u00e8ncia s&#8217;ha establert a trav\u00e9s de: Cl\u00e0usules tipus de protecci\u00f3<\/span><span style=\"font-weight: 400;\"><br><\/span><span style=\"font-weight: 400;\">de dades. Pot trobar m\u00e9s informaci\u00f3 a: <\/span><a href=\"https:\/\/mailchimp.com\/legal\/privacy\/\"><span style=\"font-weight: 400;\">https:\/\/mailchimp.com\/legal\/privacy\/<\/span><\/a><span style=\"font-weight: 400;\">.<\/span><\/p><p> <\/p><p><b>Com hem obtingut les seves dades?<\/b><\/p><p><span style=\"font-weight: 400;\">Les dades personals que tractem a SHERPA IB\u00c8RICA SL provenen <br>de: El propi<br>interessat.<\/span><\/p><p> <\/p><ol start=\"7\"><li><b>Tractament de les dades b\u00fasties de suggeriments<\/b><b><br><\/b><b>Amb quina finalitat tractem les seves dades personals?<\/b><span style=\"font-weight: 400;\"><br><\/span><span style=\"font-weight: 400;\">En SHERPA IB\u00c8RICA SL tractem la informaci\u00f3 que ens faciliten<br>les persones<\/span><span style=\"font-weight: 400;\"><br><\/span><span style=\"font-weight: 400;\">interessades amb la finalitat d&#8217;atendre la seva sol\u00b7licitud. En el cas que no faciliti els seus <\/span><span style=\"font-weight: 400;\"><br><\/span><span style=\"font-weight: 400;\">dades personals, no podrem complir amb les funcionalitats descrites anteriorment. No es <\/span><span style=\"font-weight: 400;\"><br><\/span><span style=\"font-weight: 400;\">prendran decisions automatitzades a partir de les dades facilitades.<\/span><\/li><\/ol><p> <\/p><p><b>Durant quant de temps conservarem les seves dades?<\/b><\/p><p><span style=\"font-weight: 400;\">Les dades es conservaran mentre l&#8217;interessat no sol\u00b7liciti la seva supressi\u00f3.<\/span><\/p><p> <\/p><p><b>Quina \u00e9s la legitimaci\u00f3 per al tractament de les seves dades?<\/b><b><br><\/b><span style=\"font-weight: 400;\">Indiquem les bases legals per al tractament de les seves dades:<\/span><span style=\"font-weight: 400;\"><br><\/span><span style=\"font-weight: 400;\">\u2022 Execuci\u00f3 d&#8217;un contracte: Atendre la seva sol\u00b7licitud.<\/span><span style=\"font-weight: 400;\"><br><\/span><span style=\"font-weight: 400;\">A quins destinataris es comunicaran les seves dades?<\/span><span style=\"font-weight: 400;\"><br><\/span><span style=\"font-weight: 400;\">No se cediran dades a tercers, excepte obligaci\u00f3 legal.<\/span><span style=\"font-weight: 400;\"><br><\/span><span style=\"font-weight: 400;\">Transfer\u00e8ncies de dades en tercers pa\u00efsos<\/span><span style=\"font-weight: 400;\"><br><\/span><span style=\"font-weight: 400;\">Estan previstes les seg\u00fcents transfer\u00e8ncies de dades en tercers pa\u00efsos:<\/span><span style=\"font-weight: 400;\"><br><\/span><span style=\"font-weight: 400;\">\u2022 Google, amb la finalitat d&#8217;allotjament del correu electr\u00f2nic i la c\u00f2pia de seguretat. La <\/span><span style=\"font-weight: 400;\"><br><\/span><span style=\"font-weight: 400;\">garantia d&#8217;aquesta transfer\u00e8ncia s&#8217;ha establert a trav\u00e9s de: Cl\u00e0usules tipus de protecci\u00f3<\/span><span style=\"font-weight: 400;\"><br><\/span><span style=\"font-weight: 400;\">de dades. Pot trobar m\u00e9s informaci\u00f3 a:<br><\/span><a href=\"https:\/\/policies.google.com\/privacy?hl=es\"><span style=\"font-weight: 400;\">https:\/\/policies.google.com\/privacy?hl=es<\/span><\/a><span style=\"font-weight: 400;\">.<\/span><\/p><p><br><br><\/p><p><b>Com hem obtingut les seves dades?<\/b><\/p><p><span style=\"font-weight: 400;\">Les dades personals que tractem a SHERPA IB\u00c8RICA SL provenen <br>de: El propi<br>interessat.<\/span><\/p><p> <\/p><ol start=\"8\"><li><b>Tractament de les dades de videovigil\u00e0ncia<\/b><b><br><\/b><b>Amb quina finalitat tractem les seves dades personals?<\/b><b><br><\/b><span style=\"font-weight: 400;\">En SHERPA IB\u00c8RICA SL tractem la informaci\u00f3 que ens faciliten<br>les persones<\/span><span style=\"font-weight: 400;\"><br><\/span><span style=\"font-weight: 400;\">interessades amb la finalitat de garantir la seguretat de les persones, b\u00e9ns i instal\u00b7lacions<\/span><span style=\"font-weight: 400;\"><br><\/span><span style=\"font-weight: 400;\">usant sistemes de videovigil\u00e0ncia. En el cas que no faciliti les seves dades personals, <\/span><span style=\"font-weight: 400;\"><br><\/span><span style=\"font-weight: 400;\">no podrem complir amb les finalitats descrites anteriorment. No es prendran decisions <\/span><span style=\"font-weight: 400;\"><br><\/span><span style=\"font-weight: 400;\">automatitzades a partir de les dades facilitades.<\/span><span style=\"font-weight: 400;\"><br><br><\/span><\/li><\/ol><p><b>Durant quant de temps conservarem les seves dades?<\/b><\/p><p>Les dades es conservaran durant un m\u00e0xim de 30 dies, excepte comunicaci\u00f3 a Forces i<br>Cossos de Seguretat, i\/o Jutjats i Tribunals.<\/p><p> <\/p><p><b>Quina \u00e9s la legitimaci\u00f3 per al tractament de les seves dades?<\/b><\/p><p>Indiquem la base legal per al tractament de les seves dades:<br>\u2022 Missi\u00f3 en inter\u00e8s p\u00fablic: Garantir la seguretat de les persones,<br>b\u00e9ns i instal\u00b7lacions.<\/p><p> <\/p><p><b>A quins destinataris es comunicaran les seves dades?<\/b><span style=\"font-weight: 400;\"><br><\/span><span style=\"font-weight: 400;\">Les dades es comunicaran als seg\u00fcents destinataris:<\/span><span style=\"font-weight: 400;\"><br><\/span><span style=\"font-weight: 400;\">\u2022 Si escau, les forces i cossos de seguretat de l&#8217;Estat, aix\u00ed com a Jutjats i Tribunals, amb la finalitat de<\/span><span style=\"font-weight: 400;\"><br><\/span><span style=\"font-weight: 400;\">aportar les imatges si s&#8217;ha com\u00e8s un delicte (requisit legal).<\/span><span style=\"font-weight: 400;\"><br><\/span><span style=\"font-weight: 400;\">Transfer\u00e8ncies de dades en tercers pa\u00efsos<\/span><span style=\"font-weight: 400;\"><br><\/span><span style=\"font-weight: 400;\">No estan previstes transfer\u00e8ncies de dades en tercers pa\u00efsos.<\/span><\/p><p> <\/p><p><b>Com hem obtingut les seves dades?<\/b><\/p><p><span style=\"font-weight: 400;\">Les dades personals que tractem a SHERPA IB\u00c8RICA SL provenen de: El propi<br>interessat.<\/span><\/p>\t\t\t\t\t\t\t\t<\/div>\n\t\t\t\t\t<\/div>\n\t\t\t\t<\/div>\n\t\t\t\t<\/div>\n\t\t\t\t<\/div>\n\t\t","protected":false},"excerpt":{"rendered":"<p>Pol\u00edtica de privacitat A SHERPA IB\u00c8RICA SL ens preocupem per la privacitat i la transpar\u00e8ncia. A continuaci\u00f3, indiquemdetalladament el tractament de les dades personals querealitzem, aix\u00ed com tota la informaci\u00f3 relacionada. Qui \u00e9s el responsable del tractament de les seves dades?SHERPA IB\u00c8RICA SLB44935849Av. Europa, 17 08720 Vilafranca del Pened\u00e8s (Barcelona) \u2013 08720 \u2013BARCELONA93 131 27 [&hellip;]<\/p>\n","protected":false},"author":1,"featured_media":0,"parent":0,"menu_order":0,"comment_status":"closed","ping_status":"closed","template":"","meta":{"footnotes":""},"class_list":["post-980","page","type-page","status-publish","hentry"],"yoast_head":"<!-- This site is optimized with the Yoast SEO plugin v27.4 - https:\/\/yoast.com\/product\/yoast-seo-wordpress\/ -->\n<title>Pol\u00edtica de privacitat - Marlona<\/title>\n<meta name=\"robots\" content=\"noindex, nofollow\" \/>\n<meta property=\"og:locale\" content=\"ca_ES\" \/>\n<meta property=\"og:type\" content=\"article\" \/>\n<meta property=\"og:title\" content=\"Pol\u00edtica de privacitat - Marlona\" \/>\n<meta property=\"og:description\" content=\"Pol\u00edtica de privacitat A SHERPA IB\u00c8RICA SL ens preocupem per la privacitat i la transpar\u00e8ncia. A continuaci\u00f3, indiquemdetalladament el tractament de les dades personals querealitzem, aix\u00ed com tota la informaci\u00f3 relacionada. Qui \u00e9s el responsable del tractament de les seves dades?SHERPA IB\u00c8RICA SLB44935849Av. Europa, 17 08720 Vilafranca del Pened\u00e8s (Barcelona) \u2013 08720 \u2013BARCELONA93 131 27 [&hellip;]\" \/>\n<meta property=\"og:url\" content=\"https:\/\/marlona.com\/ca\/politica-de-privacitat\/\" \/>\n<meta property=\"og:site_name\" content=\"Marlona\" \/>\n<meta property=\"article:modified_time\" content=\"2026-04-07T11:37:06+00:00\" \/>\n<meta name=\"twitter:card\" content=\"summary_large_image\" \/>\n<meta name=\"twitter:label1\" content=\"Temps estimat de lectura\" \/>\n\t<meta name=\"twitter:data1\" content=\"12 minuts\" \/>\n<script type=\"application\/ld+json\" class=\"yoast-schema-graph\">{\"@context\":\"https:\\\/\\\/schema.org\",\"@graph\":[{\"@type\":\"WebPage\",\"@id\":\"https:\\\/\\\/marlona.com\\\/ca\\\/politica-de-privacitat\\\/\",\"url\":\"https:\\\/\\\/marlona.com\\\/ca\\\/politica-de-privacitat\\\/\",\"name\":\"Pol\u00edtica de privacitat - Marlona\",\"isPartOf\":{\"@id\":\"https:\\\/\\\/marlona.com\\\/ca\\\/#website\"},\"datePublished\":\"2026-02-06T15:32:32+00:00\",\"dateModified\":\"2026-04-07T11:37:06+00:00\",\"breadcrumb\":{\"@id\":\"https:\\\/\\\/marlona.com\\\/ca\\\/politica-de-privacitat\\\/#breadcrumb\"},\"inLanguage\":\"ca\",\"potentialAction\":[{\"@type\":\"ReadAction\",\"target\":[\"https:\\\/\\\/marlona.com\\\/ca\\\/politica-de-privacitat\\\/\"]}]},{\"@type\":\"BreadcrumbList\",\"@id\":\"https:\\\/\\\/marlona.com\\\/ca\\\/politica-de-privacitat\\\/#breadcrumb\",\"itemListElement\":[{\"@type\":\"ListItem\",\"position\":1,\"name\":\"Portada\",\"item\":\"https:\\\/\\\/marlona.com\\\/ca\\\/inici\\\/\"},{\"@type\":\"ListItem\",\"position\":2,\"name\":\"Pol\u00edtica de privacitat\"}]},{\"@type\":\"WebSite\",\"@id\":\"https:\\\/\\\/marlona.com\\\/ca\\\/#website\",\"url\":\"https:\\\/\\\/marlona.com\\\/ca\\\/\",\"name\":\"Marlona\",\"description\":\"\",\"potentialAction\":[{\"@type\":\"SearchAction\",\"target\":{\"@type\":\"EntryPoint\",\"urlTemplate\":\"https:\\\/\\\/marlona.com\\\/ca\\\/?s={search_term_string}\"},\"query-input\":{\"@type\":\"PropertyValueSpecification\",\"valueRequired\":true,\"valueName\":\"search_term_string\"}}],\"inLanguage\":\"ca\"}]}<\/script>\n<!-- \/ Yoast SEO plugin. -->","yoast_head_json":{"title":"Pol\u00edtica de privacitat - Marlona","robots":{"index":"noindex","follow":"nofollow"},"og_locale":"ca_ES","og_type":"article","og_title":"Pol\u00edtica de privacitat - Marlona","og_description":"Pol\u00edtica de privacitat A SHERPA IB\u00c8RICA SL ens preocupem per la privacitat i la transpar\u00e8ncia. A continuaci\u00f3, indiquemdetalladament el tractament de les dades personals querealitzem, aix\u00ed com tota la informaci\u00f3 relacionada. Qui \u00e9s el responsable del tractament de les seves dades?SHERPA IB\u00c8RICA SLB44935849Av. Europa, 17 08720 Vilafranca del Pened\u00e8s (Barcelona) \u2013 08720 \u2013BARCELONA93 131 27 [&hellip;]","og_url":"https:\/\/marlona.com\/ca\/politica-de-privacitat\/","og_site_name":"Marlona","article_modified_time":"2026-04-07T11:37:06+00:00","twitter_card":"summary_large_image","twitter_misc":{"Temps estimat de lectura":"12 minuts"},"schema":{"@context":"https:\/\/schema.org","@graph":[{"@type":"WebPage","@id":"https:\/\/marlona.com\/ca\/politica-de-privacitat\/","url":"https:\/\/marlona.com\/ca\/politica-de-privacitat\/","name":"Pol\u00edtica de privacitat - Marlona","isPartOf":{"@id":"https:\/\/marlona.com\/ca\/#website"},"datePublished":"2026-02-06T15:32:32+00:00","dateModified":"2026-04-07T11:37:06+00:00","breadcrumb":{"@id":"https:\/\/marlona.com\/ca\/politica-de-privacitat\/#breadcrumb"},"inLanguage":"ca","potentialAction":[{"@type":"ReadAction","target":["https:\/\/marlona.com\/ca\/politica-de-privacitat\/"]}]},{"@type":"BreadcrumbList","@id":"https:\/\/marlona.com\/ca\/politica-de-privacitat\/#breadcrumb","itemListElement":[{"@type":"ListItem","position":1,"name":"Portada","item":"https:\/\/marlona.com\/ca\/inici\/"},{"@type":"ListItem","position":2,"name":"Pol\u00edtica de privacitat"}]},{"@type":"WebSite","@id":"https:\/\/marlona.com\/ca\/#website","url":"https:\/\/marlona.com\/ca\/","name":"Marlona","description":"","potentialAction":[{"@type":"SearchAction","target":{"@type":"EntryPoint","urlTemplate":"https:\/\/marlona.com\/ca\/?s={search_term_string}"},"query-input":{"@type":"PropertyValueSpecification","valueRequired":true,"valueName":"search_term_string"}}],"inLanguage":"ca"}]}},"_links":{"self":[{"href":"https:\/\/marlona.com\/ca\/wp-json\/wp\/v2\/pages\/980","targetHints":{"allow":["GET"]}}],"collection":[{"href":"https:\/\/marlona.com\/ca\/wp-json\/wp\/v2\/pages"}],"about":[{"href":"https:\/\/marlona.com\/ca\/wp-json\/wp\/v2\/types\/page"}],"author":[{"embeddable":true,"href":"https:\/\/marlona.com\/ca\/wp-json\/wp\/v2\/users\/1"}],"replies":[{"embeddable":true,"href":"https:\/\/marlona.com\/ca\/wp-json\/wp\/v2\/comments?post=980"}],"version-history":[{"count":7,"href":"https:\/\/marlona.com\/ca\/wp-json\/wp\/v2\/pages\/980\/revisions"}],"predecessor-version":[{"id":1279,"href":"https:\/\/marlona.com\/ca\/wp-json\/wp\/v2\/pages\/980\/revisions\/1279"}],"wp:attachment":[{"href":"https:\/\/marlona.com\/ca\/wp-json\/wp\/v2\/media?parent=980"}],"curies":[{"name":"wp","href":"https:\/\/api.w.org\/{rel}","templated":true}]}}